{"id":18,"date":"2021-03-11T15:17:46","date_gmt":"2021-03-11T15:17:46","guid":{"rendered":"https:\/\/plazam.ro\/?page_id=18"},"modified":"2025-08-07T13:51:50","modified_gmt":"2025-08-07T13:51:50","slug":"despre-noi","status":"publish","type":"page","link":"https:\/\/plazam.ro\/hu\/despre-noi\/","title":{"rendered":"R\u00f3lunk"},"content":{"rendered":"<p>[et_pb_section fb_built=\"1\u2033 fullwidth=\"on\" _builder_version=\"4.27.4\u2033 background_image=\"https:\/\/plazam.ro\/wp-content\/uploads\/2025\/01\/Plaza-M-Targu-Mures-5-1.jpg\" custom_margin=\"-100px||||false|false\" global_colors_info=\"{}\"][et_pb_fullwidth_header title=\"R\u00f3lunk\" text_orientation=\"centre\" _builder_version=\"4.16\u2033 title_font=\"Montserrat|800|||||||\" title_font_size=\"55px\" subhead_font=\"|700|||||||\" subhead_text_colour=\"#000000\u2033 subhead_font_size=\"25px\" background_enable_colour=\"off\" custom_margin=\"||||false|false\" custom_padding=\"200px|||200px||true|false\" global_colors_info=\"{}\"]]][\/et_pb_fullwidth_header][\/et_pb_section][\/et_pb_section][et_pb_section fb_built=\"1\u2033 _builder_version=\"4.16\u2033 global_colors_info=\"{}\"][et_pb_row use_custom_gutter=\"on\" _builder_version=\"4.16\u2033 global_colors_info=\"{}\"][et_pb_column type=\"4_4\u2033 _builder_version=\"4.16\u2033 global_colors_info=\"{}\"][et_pb_text _builder_version=\"4.23.1\u2033 text_font=\"Gotham-light||||||||\" text_font_size=\"18px\" text_line_height=\"1.4em\" header_font=\"Montserrat||||||||\" header_text_align=\"center\" header_font_size=\"45px\" header_line_height=\"1.7em\" header_2_font=\"Montserrat|800|||||||\" header_2_text_align=\"center\" header_2_font_size=\"40px\" header_2_line_height=\"1.5em\" header_3_font=\"Gotham-medium||||||||\" header_3_font_size=\"35px\" header_3_line_height=\"1.4em\" header_4_font=\"Gotham-medium||||||||\" header_4_font_size=\"30px\" header_4_line_height=\"1.4em\" header_5_font=\"Gotham-medium||||||||\" header_5_font_size=\"25px\" header_5_line_height=\"1.4em\" header_6_font=\"Gotham-medium||||||||\" header_6_font_size=\"20px\" header_6_line_height=\"1.4em\" text_orientation=\"centre\" global_colors_info=\"{}\"]<\/p>\n<h2><span>A Plaza M v\u00e1s\u00e1rolni, sz\u00f3rakozni \u00e9s kikapcsol\u00f3dni h\u00edv!<\/span><\/h2>\n<p>[\/et_pb_text][et_pb_text _builder_version=\"4.27.4\u2033 text_font=\"Montserrat||||||||\" text_font_size=\"18px\" text_line_height=\"1.4em\" header_font=\"Gotham-medium||||||||\" header_font_size=\"45px\" header_line_height=\"1.7em\" header_2_font=\"Gotham-medium||||||||\" header_2_font_size=\"40px\" header_2_line_height=\"1.5em\" header_3_font=\"Gotham-medium||||||||\" header_3_font_size=\"35px\" header_3_line_height=\"1.4em\" header_4_font=\"Gotham-medium||||||||\" header_4_font_size=\"30px\" header_4_line_height=\"1.4em\" header_5_font=\"Gotham-medium||||||||\" header_5_font_size=\"25px\" header_5_line_height=\"1.4em\" header_6_font=\"Gotham-medium||||||||\" header_6_font_size=\"20px\" header_6_line_height=\"1.4em\" hover_enabled=\"0\u2033 global_colors_info=\"{}\" sticky_enabled=\"0\u2033]<\/p>\n<p>A Plaza M ismer\u0151s helly\u00e9 v\u00e1lt a t\u00e9rs\u00e9gbelieknek, amelyet f\u0151k\u00e9nt a dinamizmus jellemez. Ez az a hely, ahov\u00e1 a v\u00e1s\u00e1rl\u00f3k az\u00e9rt j\u00f6nnek, hogy a legfrissebb \u00fajdons\u00e1gokkal szembes\u00fcljenek, \u00e9s ugyanakkor pihenjenek, sz\u00f3rakozzanak. Ez az a hely, ahol \u00f6r\u00fclhetsz az \u00fczletek \u00e1ltal ind\u00edtott akci\u00f3kban, valamint a bev\u00e1s\u00e1rl\u00f3k\u00f6zpont \u00e1ltal szervezett esem\u00e9nyeknek.<\/p>\n<p>A Plaza M t\u00f6bb mint 80 \u00fczletet, 8 mozit, \u00e9ttermeket, k\u00e1v\u00e9z\u00f3kat, j\u00e1t\u00e9k- \u00e9s bowlingtermeket, valamint t\u00f6bb mint 1500 parkol\u00f3helyet k\u00edn\u00e1l.<\/p>\n<p>A Shopping Gallery olyan nagy m\u00e1rk\u00e1kat tartalmaz, mint: H&amp;M, New Yorker, Lee Cooper, Tom Tailor, Seroussi, Hervis, Kenvelo, Deichmann, Takko, Jolidon, CCC, Pepco, Tedi stb.<\/p>\n<p>A Plaza M k\u00e1v\u00e9z\u00f3i \u00e9s \u00e9ttermei: Tucano Coffee, Julius Cafe e Cucina, Chic Cafe, Restaurant Diavolo, La Diavolo Express lehet\u0151s\u00e9get ny\u00fajtanak a l\u00e1togat\u00f3knak, hogy a v\u00e1s\u00e1rl\u00e1s k\u00f6zben felt\u00f6lt\u0151djenek, \u00e9s a pihen\u00e9s \u00e9s a szocializ\u00e1ci\u00f3 o\u00e1zis\u00e1t jelentik a l\u00e1togat\u00f3k sz\u00e1m\u00e1ra.<br \/>Az \u00edzletes \u00e9telek \u00e9s \u00fcd\u00edt\u0151italok k\u00edn\u00e1lat\u00e1t a Plaza M \u00e1ltal a k\u00f6ztereken szervezett k\u00fcl\u00f6nleges gasztron\u00f3miai rendezv\u00e9nyek eg\u00e9sz\u00edtik ki, amelyek a l\u00e1togat\u00f3k sz\u00e1m\u00e1ra v\u00e1ltozatoss\u00e1got, a helyi termel\u0151knek pedig \u00f6tletes \u00e9rt\u00e9kes\u00edt\u0151 helyet biztos\u00edt.<\/p>\n<p>A sz\u00f3rakoz\u00e1s l\u00e9nyeges r\u00e9sze a Plaza M \u00e1ltal a l\u00e1togat\u00f3knak ny\u00fajtott \u00e9lm\u00e9nynek.<\/p>\n<p>L\u00e1tv\u00e1nyos d\u00edszlet\u00e9vel a Cinema City 8 modern mozitermet bocs\u00e1t rendelkez\u00e9sre, ahol a n\u00e9z\u0151k a leg\u00fajabb filmeket n\u00e9zhetik meg, nemzetk\u00f6zi k\u00e9nyelmi \u00e9s min\u0151s\u00e9gi szabv\u00e1nyoknak megfelel\u0151, kiv\u00e1l\u00f3 mozi\u00e9lm\u00e9nyben vehetnek r\u00e9szt.<\/p>\n<p>A versenyszellemmel gazdagon meg\u00e1ldott l\u00e1togat\u00f3ink a Jack Casino billi\u00e1rd \u00e9s pinball asztalain\u00e1l, bowlingp\u00e1ly\u00e1j\u00e1n m\u00e9rk\u0151zhetnek meg, eleg\u00e1ns k\u00e1v\u00e9z\u00f3j\u00e1ban olthatj\u00e1k szomjukat, \u00e9s j\u00e1t\u00e9kg\u00e9pein szerencs\u00e9t pr\u00f3b\u00e1lhatnak.<\/p>\n<p>Az Auchan minden csal\u00e1d heti \u2013 nem csak \u00e9lelmiszerrel t\u00f6rt\u00e9n\u0151 \u2013 ell\u00e1t\u00e1s\u00e1nak gazdas\u00e1gos forr\u00e1sa.<\/p>\n<p>A Media Galaxy a leg\u00fajabb h\u00e1ztart\u00e1si g\u00e9peket \u00e9s elektronikai cikkeket k\u00edn\u00e1lja, a Leroy Merlin tan\u00e1csokat \u00e9s kiv\u00e1l\u00f3 min\u0151s\u00e9g\u0171 term\u00e9keket k\u00edn\u00e1l az \u00e9p\u00edt\u00e9shez, kert\u00e9p\u00edt\u00e9shez \u00e9s kert\u00e9szethez, a Proges pedig k\u00fcl\u00f6nf\u00e9le bels\u0151\u00e9p\u00edt\u00e9szeti megold\u00e1sokat k\u00edn\u00e1l.<\/p>\n<p>A Plaza M v\u00e1s\u00e1rl\u00e1sra, sz\u00f3rakoz\u00e1sra \u00e9s kikapcsol\u00f3d\u00e1sra h\u00edvja \u00d6nt!<\/p>\n<p>[\/ \/et_pb_text][\/et_pb_column][\/et_pb_row][\/et_pb_section][et_pb_section fb_built=\"1\u2033 module_id=\"program\" _builder_version=\"4.16\u2033 background_color=\"#ff2f2f2\u2033 locked=\"off\" global_colors_info=\"{}\"\"][et_pb_row module_id=\"nyitvatartas\" _builder_version=\"4.16\u2033 global_colors_info=\"{}\"][et_pb_column type=\"4_4_4_4\u2033 _builder_version=\"4.16\u2033 global_colors_info=\"{}\"][et_pb_toggle title=\"OPER\u00c1CI\u00d3S PROGRAM\" open_toggle_text_color=\"#000000\u2033 open_toggle_background_color=\"rgba(0,0,0,0,0)\" closed_toggle_background_color=\"rgba(0,0,0,0,0,0,0)\" icon_colour=\"#082051\u2033 use_icon_font_size=\"on\" icon_font_size=\"50px\" open_icon_colour=\"#082051\u2033 open_use_icon_font_size=\"on\" open_icon_font_size=\"50px\" _builder_version=\"4.23.1\u2033 title_text_colour=\"#000000\u2033 title_font=\"|700|||||||\" title_text_align=\"left\" title_font_size=\"18px\" text_orientation=\"justified\" custom_padding=\"|50px||||false|false\" custom_padding_tablet=\"|20px||||false|false\" custom_padding_phone=\"\" custom_padding_last_edited=\"on|desktop\" title_text_align_tablet=\"left\" title_text_align_phone=\"left\" title_text_align_last_edited=\"on|phone\" title_font_size_tablet=\"16px\" title_font_size_phone=\"\" title_font_size_last_edited=\"on|phone\" border_width_all=\"0px\" border_colour_all=\"#044d7f\" border_style_all=\"groove\" border_width_bottom=\"1px\" border_colour_bottom=\"rgba(51,55,58,0.1)\" global_colours_info=\"{}\"]<\/p>\n<p><strong>\u00c9tterem, k\u00e1v\u00e9z\u00f3k:<\/strong><\/p>\n<p>H\u00e9tf\u0151-vas\u00e1rnap: 09:00 - 22:00,<br \/>(A nyitvatart\u00e1si id\u0151 az \u00e9tteremt\u0151l f\u00fcgg\u0151en v\u00e1ltozhat).<\/p>\n<p><strong>\u00dczletek:<\/strong><\/p>\n<p>H\u00e9tf\u0151-vas\u00e1rnap: 10:00 - 22:00,<\/p>\n<p><strong>Auchan hipermarket:<\/strong><\/p>\n<p>H\u00e9tf\u0151-vas\u00e1rnap: 07:00 - 22:00<\/p>\n<p>A nyitvatart\u00e1si id\u0151 \u00fczletenk\u00e9nt elt\u00e9r\u0151 lehet. K\u00e9rj\u00fck, l\u00e1togasson el az egyes \u00fczletek aloldalaira, vagy l\u00e9pjen kapcsolatba vel\u00fcnk a +0265 326 964-es telefonsz\u00e1mon (PlazaM adminisztr\u00e1ci\u00f3s iroda).<\/p>\n<p>A PlazaM az \u00e9v 12 (tizenk\u00e9t) h\u00f3napj\u00e1ban, a h\u00e9t 7 (h\u00e9t) napj\u00e1n tart nyitva, kiv\u00e9ve, ha k\u00f6zigazgat\u00e1si hat\u00e1rozat, jogszab\u00e1ly vagy a Tulajdonos hat\u00e1rozata ett\u0151l elt\u00e9r\u0151en rendelkezik.<\/p>\n<p>A Tulajdonosnak jog\u00e1ban \u00e1ll a Bev\u00e1s\u00e1rl\u00f3k\u00f6zpont nyitvatart\u00e1s\u00e1t b\u00e1rmilyen m\u00f3don megv\u00e1ltoztatni, nyitvatart\u00e1si idej\u00e9t m\u00f3dos\u00edtani bizonyos esetekben, mint p\u00e9ld\u00e1ul az \u00fcnnepnapokat vagy hivatalos munkasz\u00fcneti napokat magukban foglal\u00f3 heteket.<\/p>\n<p>A bev\u00e1s\u00e1rl\u00f3k\u00f6zpont 10.00 \u00e9s 22.00 \u00f3ra k\u00f6z\u00f6tt tart nyitva, kiv\u00e9ve a bev\u00e1s\u00e1rl\u00f3k\u00f6zponton bel\u00fcli egyes kereskedelmi helyeket (p\u00e9ld\u00e1ul az Auchan, amely 07.00 \u00e9s 22.00 \u00f3ra k\u00f6z\u00f6tt tart nyitva). A PlazaM \u00fczletek nyitvatart\u00e1si idej\u00e9r\u0151l b\u0151vebb inform\u00e1ci\u00f3t a https:\/\/plazam.ro\/magazines\/ oldalon tal\u00e1l.<\/p>\n<p>A nyitvatart\u00e1s, valamint annak b\u00e1rmilyen nem\u0171 v\u00e1ltoztat\u00e1sa \u00e9rv\u00e9nyes\u00edthet\u0151 a l\u00e1togat\u00f3kkal szemben, a Bev\u00e1s\u00e1rl\u00f3k\u00f6zpontba a nyitvatart\u00e1si id\u0151n k\u00edv\u00fcl bel\u00e9pni tilos.<\/p>\n<p>[\/et_pb_toggle][et_pb_toggle title=\"KAPCSOLATI INFORM\u00c1CI\u00d3K\" open_toggle_text_colour=\"#000000\u2033 open_toggle_background_colour=\"rgba(0,0,0,0,0,0,0,0,0)\" closed_toggle_background_colour=\"rgba(0,0,0,0,0,0,0)\" icon_colour=\"#082051\u2033 use_icon_font_size=\"on\" icon_font_size=\"50px\" open_icon_colour=\"#082051\u2033 open_use_icon_font_size=\"on\" open_icon_font_size=\"50px\" _builder_version=\"4.27.4\u2033 title_text_colour=\"#000000\u2033 title_font=\"|700|||||||\" title_text_align=\"left\" title_font_size=\"18px\" text_orientation=\"justified\" custom_padding=\"|50px||false|false\" custom_padding_tablet=\"|20px||false|false\" custom_padding_phone=\"\" custom_padding_last_edited=\"on|desktop\" hover_enabled=\"0\u2033 title_text_align_tablet=\"left\" title_text_align_phone=\"left\" title_text_align_last_edited=\"on|phone\" title_font_size_tablet=\"16px\" title_font_size_phone=\"\" title_font_size_last_edited=\"on|phone\" border_width_all=\"0px\" border_colour_all=\"#044d7f\" border_style_all=\"groove\" border_width_bottom=\"1px\" border_colour_bottom=\"rgba(51,55,58,0.1)\" global_colors_info=\"{}\" sticky_enabled=\"0\u2033]<\/p>\n<p><strong>PlazaM csapat:<\/strong><\/p>\n<ul>\n<li>Lavinia Tru\u021ba - Menedzser Plaza M<\/li>\n<li>Roxana Suciu - Marketing menedzser Plaza M<\/li>\n<li>Andreea Ilovan - igazgat\u00f3helyettes Plaza M<\/li>\n<li>Csegedi \u00c1rp\u00e1d - M\u0171szaki igazgat\u00f3<\/li>\n<li>Karacsonyi Pal - operat\u00edv igazgat\u00f3<\/li>\n<\/ul>\n<p>A marosv\u00e1s\u00e1rhelyi Plaza M Marosv\u00e1s\u00e1rhelygel kapcsolatos k\u00e9rd\u00e9seivel forduljon hozz\u00e1nk bizalommal:<\/p>\n<ul>\n<li>E-mail:<span>\u00a0<\/span><a href=\"https:\/\/web.archive.org\/web\/20240719033754\/mailto:info@plazam.ro\">info@plazam.ro<\/a><\/li>\n<li>Web:<span>\u00a0<\/span><a href=\"https:\/\/web.archive.org\/web\/20240719033754\/https:\/\/www.plazam.ro\/\">www.plazam.ro<\/a><\/li>\n<li>Facebook:<span> <\/span><a href=\"https:\/\/web.archive.org\/web\/20240719033754\/http:\/\/www.facebook.com\/plazam\" target=\"_blank\" rel=\"noopener\">www.facebook.com\/PlazaMTarguMures<\/a><\/li>\n<li>Instagram: <a href=\"http:\/\/www.instagram.com\/plazam_targumures\/\" target=\"_blank\" rel=\"noopener\">www.instagram.com\/plazam_targumures\/<\/a>\u00a0<\/li>\n<\/ul>\n<p>[\/et_pb_toggle][et_pb_toggle title=\"PLAZA M VIZITATORI RENDELKEZ\u00c9SEK\" open_toggle_text_colour=\"#000000\u2033 open_toggle_background_colour=\"rgba(0,0,0,0,0)\" closed_toggle_background_colour=\"rgba(0,0,0,0,0,0,0)\" icon_colour=\"#082051\u2033 use_icon_font_size=\"on\" icon_font_size=\"50px\" open_icon_colour=\"#082051\u2033 open_use_icon_font_size=\"on\" open_icon_font_size=\"50px\" _builder_version=\"4.27.4\u2033 title_text_colour=\"#000000\u2033 title_font=\"|700|||||||\" title_text_align=\"left\" title_font_size=\"18px\" text_orientation=\"justified\" custom_padding=\"|50px||||false|false\" custom_padding_tablet=\"|20px||||false|false\" custom_padding_phone=\"\" custom_padding_last_edited=\"on|desktop\" title_text_align_tablet=\"left\" title_text_align_phone=\"left\" title_text_align_last_edited=\"on|phone\" title_font_size_tablet=\"16px\" title_font_size_phone=\"\" title_font_size_last_edited=\"on|phone\" border_width_all=\"0px\" border_colour_all=\"#044d7f\" border_style_all=\"groove\" border_width_bottom=\"1px\" border_colour_bottom=\"rgba(51,55,58,0.1)\" global_colours_info=\"{}\"]<\/p>\n<p><strong>\u00c1ltal\u00e1nos rendelkez\u00e9sek<\/strong><\/p>\n<p>A l\u00e1togat\u00f3knak jog\u00e1ban \u00e1ll a Bev\u00e1s\u00e1rl\u00f3k\u00f6zpont l\u00e9tes\u00edtm\u00e9nyeit a benne folytatott tev\u00e9kenys\u00e9gnek a legnagyobb m\u00e9rt\u00e9kben megfelel\u0151 m\u00f3don, a jelen Szab\u00e1lyzatnak, az alkalmazand\u00f3 jogszab\u00e1lyoknak, a k\u00f6zerk\u00f6lcsnek \u00e9s k\u00f6zrendnek, az \u00dcgyvezet\u0151, a biztons\u00e1gi szem\u00e9lyzet \u00e9s a szolg\u00e1latban l\u00e9v\u0151 t\u0171zolt\u00f3k utas\u00edt\u00e1sainak megfelel\u0151en haszn\u00e1lni.<br \/>A Bev\u00e1s\u00e1rl\u00f3k\u00f6zpontban a Plaza M el\u0151zetes \u00edr\u00e1sbeli beleegyez\u00e9se n\u00e9lk\u00fcl tilos b\u00e1rmilyen javak, anyagok vagy t\u00e1rgyak ki\u00e1ll\u00edt\u00e1sa, \u00e9rt\u00e9kes\u00edt\u00e9se, kihelyez\u00e9se \u00e9s t\u00e1rol\u00e1sa. A l\u00e1togat\u00f3knak k\u00f6teless\u00e9ge nem zavarni a t\u00f6bbi l\u00e1togat\u00f3t, nem megs\u00e9rteni azok jogait a Bev\u00e1s\u00e1rl\u00f3k\u00f6zpontban val\u00f3 tart\u00f3zkod\u00e1suk alatt. A Plaza M fenntartja jog\u00e1t, miszerint megv\u00e1logathatja a l\u00e1togat\u00f3it, megtagadhatja bel\u00e9p\u00e9s\u00fcket, valamint a Bev\u00e1s\u00e1rl\u00f3k\u00f6zpont ter\u00fclet\u00e9n k\u00edv\u00fclre k\u00eds\u00e9rheti a jelen Szab\u00e1lyzatot be nem tart\u00f3 l\u00e1togat\u00f3kat. A Bev\u00e1s\u00e1rl\u00f3k\u00f6zpont az ut\u00f3lagos m\u00f3dos\u00edt\u00e1saival \u00e9s kieg\u00e9sz\u00edt\u00e9seivel \u00fajra k\u00f6zz\u00e9tett, az objektumok, javak, \u00e9rt\u00e9kek fel\u00fcgyelet\u00e9r\u0151l \u00e9s a szem\u00e9lyek v\u00e9delm\u00e9r\u0151l sz\u00f3l\u00f3 333\/2003. sz. T\u00f6rv\u00e9ny \u00e9rtelm\u00e9ben videokamer\u00e1kkal megfigyelt ter\u00fclet.<\/p>\n<p><strong>Nyitvatart\u00e1s<\/strong><\/p>\n<p>A Plaza M az \u00e9v 12 (tizenkett\u0151) h\u00f3napj\u00e1ban, heti 7 (h\u00e9t) napon nyitva tart, kiv\u00e9ve azon eseteket, ahol egy adminisztrat\u00edv d\u00f6nt\u00e9s, jogi el\u0151\u00edr\u00e1s vagy a Tulajdonos ellenkez\u0151leg rendelkezik.<br \/>A Tulajdonosnak jog\u00e1ban \u00e1ll a Bev\u00e1s\u00e1rl\u00f3k\u00f6zpont nyitvatart\u00e1s\u00e1t b\u00e1rmilyen m\u00f3don megv\u00e1ltoztatni, nyitvatart\u00e1si idej\u00e9t m\u00f3dos\u00edtani bizonyos esetekben, mint p\u00e9ld\u00e1ul az \u00fcnnepnapokat vagy hivatalos munkasz\u00fcneti napokat magukban foglal\u00f3 heteket.<br \/>A Bev\u00e1s\u00e1rl\u00f3k\u00f6zpont reggel 10:00 \u00e9s este 9:00 \u00f3ra k\u00f6z\u00f6tt tart nyitva, ez al\u00f3l kiv\u00e9telt k\u00e9peznek a Bev\u00e1s\u00e1rl\u00f3k\u00f6zpontban \u00fczemel\u0151 egyes \u00fczlethelyis\u00e9gek nyitvatart\u00e1si id\u0151i (pl. az Auchan reggel 7:00 \u00e9s este 9:00 \u00f3ra k\u00f6z\u00f6tt tart nyitva). A Plaza M-ben tal\u00e1lhat\u00f3 \u00fczlethelyis\u00e9gek nyitvatart\u00e1s\u00e1val kapcsolatos tov\u00e1bbi inform\u00e1ci\u00f3k\u00e9rt l\u00e1togasson el a www.plazam.ro\/magazine oldalra.<br \/>A nyitvatart\u00e1s, valamint annak b\u00e1rmilyen nem\u0171 v\u00e1ltoztat\u00e1sa \u00e9rv\u00e9nyes\u00edthet\u0151 a l\u00e1togat\u00f3kkal szemben, a Bev\u00e1s\u00e1rl\u00f3k\u00f6zpontba a nyitvatart\u00e1si id\u0151n k\u00edv\u00fcl bel\u00e9pni tilos.<\/p>\n<p><strong>Bev\u00e1s\u00e1rl\u00f3k\u00f6zpontba val\u00f3 bel\u00e9p\u00e9s \u00e9s tart\u00f3zkod\u00e1s szab\u00e1lyai<\/strong><\/p>\n<p>A Bev\u00e1s\u00e1rl\u00f3k\u00f6zpont b\u00e9relt helyis\u00e9geket (\u00fczletek, \u00e9ttermek, gyors\u00e9ttermek), k\u00f6ztereket \u00e9s szolg\u00e1lati helyeket foglal mag\u00e1ban.<br \/>A k\u00f6zterek k\u00f6z\u00e9 sorolhat\u00f3k a Bev\u00e1s\u00e1rl\u00f3k\u00f6zpont bej\u00e1ratai, \u00e1tj\u00e1r\u00f3i, bels\u0151 gyalogos \u00fatjai \u00e9s egy\u00e9b j\u00e1r\u00f3ter\u00fcletei, az inform\u00e1ci\u00f3s pult, a nyilv\u00e1nos mosd\u00f3k \u00e9s pihen\u0151helyek, az \u00e9teludvar ter\u00fclete \u00e9s a parkol\u00f3.<br \/>A szolg\u00e1lati helyek k\u00f6z\u00e9 tartozik, nem korl\u00e1toz\u00f3 jelleggel a diszp\u00e9cserk\u00f6zpont, a Bev\u00e1s\u00e1rl\u00f3k\u00f6zpont adminisztrat\u00edv irod\u00e1i, a szem\u00e9lyfelvon\u00f3 szervizhelyis\u00e9ge, a vez\u00e9rl\u0151szob\u00e1k, a tiszt\u00edt\u00f3szeres szob\u00e1k, a homlokzatok, a tet\u0151k, az \u0151rszob\u00e1k, a v\u00e9szkij\u00e1ratok, a hullad\u00e9kt\u00e1rol\u00f3k, az \u00e1rurakod\u00e1sra haszn\u00e1lt helyek. A szolg\u00e1lati helyekre val\u00f3 bel\u00e9p\u00e9s szigor\u00faan tilos, kiv\u00e9ve a v\u00e9szkij\u00e1ratokat, amelyek v\u00e9szhelyzet eset\u00e9n haszn\u00e1land\u00f3k.<br \/>A Bev\u00e1s\u00e1rl\u00f3k\u00f6zpont fel\u00e9p\u00edt\u00e9s\u00e9hez tartoz\u00f3 helyekre val\u00f3 bel\u00e9p\u00e9s \u00e9s haszn\u00e1latuk m\u00f3dj\u00e1t a Tulajdonos hat\u00e1rozza meg saj\u00e1t bel\u00e1t\u00e1sa szerint, az adott helyzetben relev\u00e1ns k\u00f6r\u00fclm\u00e9nyek alapj\u00e1n, \u00e9s ezt b\u00e1rmikor m\u00f3dos\u00edthatja.<\/p>\n<p><strong>Marosv\u00e1s\u00e1rhelyi Plaza M-be val\u00f3 bel\u00e9p\u00e9s \u00e9s tart\u00f3zkod\u00e1s szab\u00e1lyai<\/strong><\/p>\n<p>A bev\u00e1s\u00e1rl\u00f3k\u00f6zpont ter\u00fclet\u00e9n bel\u00fcl tilos a l\u00e1togat\u00f3k, a szem\u00e9lyzet \u00e9s a bev\u00e1s\u00e1rl\u00f3k\u00f6zpont \u00fcgyfelei \u00e9let\u00e9t \u00e9s eg\u00e9szs\u00e9g\u00e9t vesz\u00e9lyeztet\u0151 tev\u00e9kenys\u00e9get v\u00e9gezni.<\/p>\n<p>A k\u00f6vetkez\u0151 tev\u00e9kenys\u00e9gek kifejezetten tilosak:<\/p>\n<ul>\n<li>a t\u00f6bbi l\u00e1togat\u00f3 nyugalm\u00e1t \u00e9s b\u00e9k\u00e9j\u00e9t zavar\u00f3 zajkibocs\u00e1t\u00e1s k\u00fcl\u00f6nb\u00f6z\u0151 eszk\u00f6z\u00f6kkel (bele\u00e9rtve, de nem kiz\u00e1r\u00f3lagosan, a kiab\u00e1l\u00e1st, kiab\u00e1l\u00e1st, kiab\u00e1l\u00e1st, hangsz\u00f3r\u00f3kat, hangsz\u00f3r\u00f3kat, zenelej\u00e1tsz\u00e1st r\u00e1di\u00f3k, lej\u00e1tsz\u00f3k stb. haszn\u00e1lat\u00e1val);<\/li>\n<li>az alkoholtartalm\u00fa italok fogyaszt\u00e1sa \u00e9s a doh\u00e1nyz\u00e1s a bev\u00e1s\u00e1rl\u00f3k\u00f6zponton bel\u00fcl, a k\u00fcl\u00f6n erre a c\u00e9lra kialak\u00edtott helyis\u00e9geken \u00e9s ter\u00fcleteken k\u00edv\u00fcl; a doh\u00e1nyterm\u00e9kek fogyaszt\u00e1s\u00e1nak megel\u0151z\u00e9s\u00e9r\u0151l \u00e9s hat\u00e1sai elleni k\u00fczdelemr\u0151l sz\u00f3l\u00f3 349\/2002. sz. t\u00f6rv\u00e9ny rendelkez\u00e9seivel \u00f6sszhangban, a k\u00e9s\u0151bbi m\u00f3dos\u00edt\u00e1sokkal \u00e9s kieg\u00e9sz\u00edt\u00e9sekkel egy\u00fctt, a doh\u00e1nyz\u00e1s a bev\u00e1s\u00e1rl\u00f3k\u00f6zponton bel\u00fcl szigor\u00faan tilos;<\/li>\n<li>k\u00e1b\u00edt\u00f3szerek, hallucinog\u00e9n anyagok fogyaszt\u00e1sa a bev\u00e1s\u00e1rl\u00f3k\u00f6zponton bel\u00fcl;<\/li>\n<li>ny\u00edlt t\u0171z haszn\u00e1lata;<\/li>\n<li>b\u00e1rmif\u00e9le rekl\u00e1mtev\u00e9kenys\u00e9g vagy piackutat\u00e1si tev\u00e9kenys\u00e9g (bele\u00e9rtve, de nem kiz\u00e1r\u00f3lagosan sz\u00f3r\u00f3lapok osztogat\u00e1s\u00e1t, rekl\u00e1manyagok kihelyez\u00e9s\u00e9t, piackutat\u00e1s v\u00e9gz\u00e9s\u00e9t, l\u00e1togat\u00f3k megk\u00e9rdez\u00e9s\u00e9t, nyilv\u00e1nos bemutat\u00f3kat stb.) az \u00dczemeltet\u0151 vagy a Tulajdonos el\u0151zetes \u00edr\u00e1sbeli j\u00f3v\u00e1hagy\u00e1sa n\u00e9lk\u00fcl;<\/li>\n<li>a tisztess\u00e9ges viselked\u00e9ssel ellent\u00e9tes vagy a k\u00f6zrendet vesz\u00e9lyeztet\u0151 tev\u00e9kenys\u00e9gek;<\/li>\n<li>v\u00e1ndorki\u00e1rus\u00edt\u00e1s, nyilv\u00e1nos demonstr\u00e1ci\u00f3, j\u00f3t\u00e9konys\u00e1gi akci\u00f3k szervez\u00e9se, b\u00e1rmilyen m\u0171v\u00e9szeti el\u0151ad\u00e1s tart\u00e1sa az \u00dczemeltet\u0151 vagy a Tulajdonos el\u0151zetes \u00edr\u00e1sbeli j\u00f3v\u00e1hagy\u00e1sa n\u00e9lk\u00fcl;<\/li>\n<li>t\u00fcntet\u00e9sek, gy\u0171l\u00e9sek, nyilv\u00e1nos besz\u00e9dek, politikai vagy vall\u00e1si propaganda, koldul\u00e1s, tiltakoz\u00e1sok, \u00e1rver\u00e9sek, \u00e1rver\u00e9sek, k\u00f3stol\u00f3k, ki\u00e1ll\u00edt\u00e1sok, improviz\u00e1ci\u00f3k, flashmobok, j\u00e1t\u00e9kok vagy b\u00e1rmely m\u00e1s, a nyilv\u00e1noss\u00e1gnak sz\u00e1nt rendezv\u00e9ny szervez\u00e9se;<\/li>\n<li>hang- \u00e9s\/vagy videofelv\u00e9telek k\u00e9sz\u00edt\u00e9se vagy f\u00e9nyk\u00e9pez\u00e9s az \u00dczemeltet\u0151 vagy a Tulajdonos el\u0151zetes \u00edr\u00e1sbeli hozz\u00e1j\u00e1rul\u00e1sa n\u00e9lk\u00fcl;<\/li>\n<li>a bev\u00e1s\u00e1rl\u00f3k\u00f6zpont ter\u00fclet\u00e9n tal\u00e1lhat\u00f3 b\u00fatorok, d\u00edszt\u00e1rgyak (bele\u00e9rtve, de nem kiz\u00e1r\u00f3lagosan a padokat, szemeteseket stb.) \u00e9s\/vagy egy\u00e9b \u00e1ruk, berendez\u00e9sek vagy t\u00e1rgyak megrong\u00e1l\u00e1sa, rong\u00e1l\u00e1sa vagy megsemmis\u00edt\u00e9se.<\/li>\n<li>a bev\u00e1s\u00e1rl\u00f3k\u00f6zpontba val\u00f3 bel\u00e9p\u00e9s vagy ott tart\u00f3zkod\u00e1s a bev\u00e1s\u00e1rl\u00f3k\u00f6zpont nyit\u00e1sa vagy z\u00e1r\u00e1sa el\u0151tt vagy ut\u00e1n;<\/li>\n<li>b\u00e1rmilyen olyan tev\u00e9kenys\u00e9g, amely k\u00e1rt okozhat \u00e9s\/vagy k\u00e1ros\u00edthatja (bele\u00e9rtve az im\u00e1zst, a nyeres\u00e9g elmarad\u00e1s\u00e1t stb.) a Kereskedelmi K\u00f6zpont(ok)at, a Tulajdonos(oka)t, a t\u00e1rsv\u00e1llalkoz\u00f3ikat vagy az egy\u00fcttm\u0171k\u00f6d\u0151iket, a Kereskedelmi K\u00f6zpont versenyt\u00e1rsainak n\u00e9pszer\u0171s\u00edt\u00e9se, a Kereskedelmi K\u00f6zpontban jelen l\u00e9v\u0151 gazdas\u00e1gi szerepl\u0151k tev\u00e9kenys\u00e9g\u00e9nek bojkott\u00e1l\u00e1sa;<\/li>\n<li>a l\u00e1togat\u00f3k szem\u00e9lyes t\u00e1rgyait fel\u00fcgyelet n\u00e9lk\u00fcl hagyj\u00e1k, f\u00fcggetlen\u00fcl att\u00f3l, hogy azok hol tal\u00e1lhat\u00f3k, a Tulajdonos nem felel\u0151s azok megrong\u00e1l\u00f3d\u00e1s\u00e1\u00e9rt vagy elt\u0171n\u00e9s\u00e9\u00e9rt;<\/li>\n<li>szem\u00e9t, hullad\u00e9k, b\u00e1rmilyen csomagol\u00e1s, cigarettacsikk eldob\u00e1sa az erre kijel\u00f6lt ter\u00fcleteken k\u00edv\u00fcl.<br \/>Tilos tov\u00e1bb\u00e1 a bev\u00e1s\u00e1rl\u00f3k\u00f6zpontba bel\u00e9pni: 14 (tizenn\u00e9gy) \u00e9v alatti szem\u00e9lyeknek, feln\u0151tt k\u00eds\u00e9rete n\u00e9lk\u00fcl;<\/li>\n<li>olyan szem\u00e9lyek, akik b\u00e1rmilyen fegyvert, tompa t\u00e1rgyat, m\u00e9rgez\u0151, robban\u00f3 vagy irrit\u00e1l\u00f3 anyagot birtokolnak, kiv\u00e9ve az \u00e1llami hat\u00f3s\u00e1gok szem\u00e9lyzet\u00e9t vagy az erre felhatalmazott biztons\u00e1gi szem\u00e9lyzetet;<\/li>\n<li>k\u00f6nnyg\u00e1z, gy\u00fal\u00e9kony anyagok vagy anyagok, illetve a hat\u00e1lyos jogszab\u00e1lyok szerint vesz\u00e9lyesnek min\u0151s\u00fcl\u0151 anyagok;<\/li>\n<li>alkohol, k\u00e1b\u00edt\u00f3szer, hallucinog\u00e9n anyagok stb. hat\u00e1sa alatt \u00e1ll\u00f3 emberek;<\/li>\n<li>a l\u00e1togat\u00f3kat a bev\u00e1s\u00e1rl\u00f3k\u00f6zpont rakt\u00e1raiban, mell\u00e9k\u00e9p\u00fcleteiben vagy m\u0171szaki ter\u00fcletein;<\/li>\n<li>ker\u00e9kp\u00e1rokkal, g\u00f6rkorcsoly\u00e1kkal, sz\u00e1nk\u00f3kkal, g\u00f6rdeszk\u00e1kkal, segway-ekkel, rollerekkel \u00e9s egy\u00e9b k\u00f6zleked\u00e9si eszk\u00f6z\u00f6kkel, kiv\u00e9ve a fogyat\u00e9kkal \u00e9l\u0151 szem\u00e9lyek sz\u00e1m\u00e1ra k\u00e9sz\u00fclt kocsik eset\u00e9ben;<\/li>\n<li>\u00e1llatokkal, kiv\u00e9ve a fogyat\u00e9kkal \u00e9l\u0151k vezet\u00e9s\u00e9re kik\u00e9pzett \u00e1llatok vagy a biztons\u00e1gi szolg\u00e1latok \u00e1ltal haszn\u00e1lt h\u00e1z\u0151rz\u0151 kuty\u00e1k, valamint az \u00e1llatok (h\u00e1zi\u00e1llatok) \u00e9rt\u00e9kes\u00edt\u00e9s\u00e9vel \u00e9s az \u00e1llatokkal (h\u00e1zi\u00e1llatokkal) kapcsolatos szolg\u00e1ltat\u00e1sok ny\u00fajt\u00e1s\u00e1val foglalkoz\u00f3 b\u00e9relt helyis\u00e9gek k\u00fcl\u00f6nleges eset\u00e9t.<\/li>\n<li>Auchan kocsikkal a bev\u00e1s\u00e1rl\u00f3k\u00f6zpontok folyos\u00f3in;<\/li>\n<li>illetlen, nem megfelel\u0151 vagy piszkos \u00f6lt\u00f6zet\u0171 emberek, er\u0151szakra usz\u00edt\u00f3 vagy rasszista \u00fczeneteket terjeszt\u0151 szem\u00e9lyek;<\/li>\n<li>labd\u00e1kkal, labd\u00e1kkal \u00e9s egy\u00e9b j\u00e1t\u00e9kokkal\/j\u00e1t\u00e9kokkal, amelyek zavarhatj\u00e1k a t\u00f6bbi l\u00e1togat\u00f3 biztons\u00e1gos mozg\u00e1s\u00e1t.<br \/>A l\u00e1togat\u00f3k k\u00f6telesek a kereskedelmi teret tiszt\u00e1n tartani, a hullad\u00e9kot a hat\u00e1lyos el\u0151\u00edr\u00e1soknak megfelel\u0151en az erre a c\u00e9lra kijel\u00f6lt speci\u00e1lis kont\u00e9nerekben kell elhelyezni.<\/li>\n<\/ul>\n<p><strong>Biztons\u00e1gi \u00e9s egy\u00e9b utas\u00edt\u00e1sok<\/strong><\/p>\n<p>A bev\u00e1s\u00e1rl\u00f3k\u00f6zpont ter\u00fclet\u00e9n az \u0151rz\u00e9st \u00e9s a biztons\u00e1got a Tulajdonos \u00e1ltal e c\u00e9lra alv\u00e1llalkoz\u00e1sba vett biztons\u00e1gi szem\u00e9lyzet biztos\u00edtja. A Bev\u00e1s\u00e1rl\u00f3k\u00f6zponttal kapcsolatos biztons\u00e1gi szolg\u00e1ltat\u00e1s mag\u00e1ban foglalja a t\u00e9rfigyel\u0151 kamer\u00e1k \u00e1ltal r\u00f6gz\u00edtett k\u00e9pek telep\u00edt\u00e9s\u00e9t \u00e9s megfigyel\u00e9s\u00e9t.<br \/>A Bev\u00e1s\u00e1rl\u00f3k\u00f6zpontba val\u00f3 bel\u00e9p\u00e9ssel, a c\u00e9lok, \u00e1ruk, \u00e9rt\u00e9kek biztons\u00e1g\u00e1r\u00f3l \u00e9s a szem\u00e9lyek v\u00e9delm\u00e9r\u0151l sz\u00f3l\u00f3 333\/2003. sz\u00e1m\u00fa, \u00fajra k\u00f6zz\u00e9tett, a k\u00e9s\u0151bbi m\u00f3dos\u00edt\u00e1sokkal \u00e9s kieg\u00e9sz\u00edt\u00e9sekkel kieg\u00e9sz\u00edtett t\u00f6rv\u00e9ny, valamint a szem\u00e9lyek v\u00e9delm\u00e9r\u0151l sz\u00f3l\u00f3 677\/2001. sz\u00e1m\u00fa, a szem\u00e9lyes adatok feldolgoz\u00e1sa \u00e9s szabad mozg\u00e1sa tekintet\u00e9ben a szem\u00e9lyek v\u00e9delm\u00e9r\u0151l sz\u00f3l\u00f3, a k\u00e9s\u0151bbi m\u00f3dos\u00edt\u00e1sokkal \u00e9s kieg\u00e9sz\u00edt\u00e9sekkel kieg\u00e9sz\u00edtett t\u00f6rv\u00e9ny betart\u00e1sa mellett, \u00d6n hozz\u00e1j\u00e1rul ahhoz, hogy a Tulajdonos \u00e9s alv\u00e1llalkoz\u00f3i a Bev\u00e1s\u00e1rl\u00f3k\u00f6zpontban esetlegesen bek\u00f6vetkez\u0151 esem\u00e9nyek tiszt\u00e1z\u00e1s\u00e1hoz, megold\u00e1s\u00e1hoz \u00e9s\/vagy bizony\u00edt\u00e1s\u00e1hoz sz\u00fcks\u00e9ges videofelv\u00e9teleket felhaszn\u00e1lj\u00e1k.<br \/>A l\u00e1togat\u00f3k k\u00f6telesek mindenkor tiszteletben tartani a biztons\u00e1gi szem\u00e9lyzet, a t\u0171zolt\u00f3s\u00e1g, a bev\u00e1s\u00e1rl\u00f3k\u00f6zpont szem\u00e9lyzete \u00e1ltal adott jelz\u00e9seket vagy utas\u00edt\u00e1sokat. Tilos a \"Bel\u00e9p\u00e9s tilos \/ Tilos a bel\u00e9p\u00e9s \/ Korl\u00e1tozott ter\u00fclet\" felirat\u00fa ter\u00fcletekre a tulajdonos vagy az illet\u00e9kes biztons\u00e1gi szem\u00e9lyzet enged\u00e9lye n\u00e9lk\u00fcl bel\u00e9pni. Amennyiben a fenti rendelkez\u00e9ssel ellent\u00e9tes m\u00f3don l\u00e9p be ezekre a ter\u00fcletekre, az \u00e9rintett l\u00e1togat\u00f3 felel\u0151s a riaszt\u00e1s fel\u00fclvizsg\u00e1lata k\u00f6vetkezt\u00e9ben okozott k\u00e1rok megt\u00e9r\u00edt\u00e9s\u00e9\u00e9rt (ha van ilyen).<br \/>A l\u00e1togat\u00f3k k\u00f6telesek a bev\u00e1s\u00e1rl\u00f3k\u00f6zpontban nem hagyni \u0151rizetlen\u00fcl a szem\u00e9lyes vagy az \u0151rizet\u00fck alatt \u00e1ll\u00f3 t\u00e1rgyaikat, f\u00fcggetlen\u00fcl att\u00f3l, hogy azok melyik ter\u00fcleten tal\u00e1lhat\u00f3k. A L\u00e1togat\u00f3k elfogadj\u00e1k \u00e9s tudom\u00e1sul veszik, hogy a Tulajdonos nem v\u00e1llal felel\u0151ss\u00e9get az ilyen javak \u00e9s\/vagy vagyont\u00e1rgyak elveszt\u00e9s\u00e9\u00e9rt, ellop\u00e1s\u00e1\u00e9rt, megsemmis\u00fcl\u00e9s\u00e9\u00e9rt, megrong\u00e1l\u00f3d\u00e1s\u00e1\u00e9rt vagy k\u00e1rosod\u00e1s\u00e1\u00e9rt.<br \/>A Tulajdonos felhatalmazott szem\u00e9lyzete k\u00e9rheti egyes l\u00e1togat\u00f3k legitim\u00e1ci\u00f3j\u00e1t, felm\u00e9r\u00e9s \u00fatj\u00e1n, azon l\u00e1togat\u00f3k eset\u00e9ben, akik (i) zavarhatj\u00e1k vagy k\u00e1ros\u00edthatj\u00e1k a Bev\u00e1s\u00e1rl\u00f3k\u00f6zpont \u00e9s m\u00e1s l\u00e1togat\u00f3k tev\u00e9kenys\u00e9g\u00e9t, (ii) akik nem megfelel\u0151 \u00f6lt\u00f6zk\u00f6d\u00e9ssel, viselked\u00e9ssel \u00e9s\/vagy magatart\u00e1ssal rendelkeznek, (iii) akik a jelen szab\u00e1lyzat rendelkez\u00e9seivel ellent\u00e9tesen s\u00e9rthetik a Tulajdonosok \u00e9s egy\u00fcttm\u0171k\u00f6d\u0151i kereskedelmi \u00e9rdekeit. Ugyanezen okokb\u00f3l a T\u00e1rsas\u00e1g fenntartja a jogot, hogy korl\u00e1tozza vagy megtiltja bizonyos szem\u00e9lyek bel\u00e9p\u00e9s\u00e9t a Bev\u00e1s\u00e1rl\u00f3k\u00f6zpontba, a vonatkoz\u00f3 jogi rendelkez\u00e9sek betart\u00e1sa mellett.<\/p>\n<p><strong>Az e rendelet rendelkez\u00e9seinek be nem tart\u00e1sa eset\u00e9n alkalmazand\u00f3 szankci\u00f3k<\/strong><\/p>\n<p>Azok a l\u00e1togat\u00f3k, akik a jelen szab\u00e1lyzat rendelkez\u00e9seinek be nem tart\u00e1sa k\u00f6vetkezt\u00e9ben b\u00e1rmilyen form\u00e1ban, cselekv\u00e9ssel, t\u00e9tlens\u00e9ggel vagy mulaszt\u00e1ssal, k\u00f6zvetlen\u00fcl vagy k\u00f6zvetve k\u00e1rt okoznak a Kereskedelmi K\u00f6zpontnak, a Tulajdonosnak, a t\u00e1rsv\u00e1llalkoz\u00f3knak vagy az egy\u00fcttm\u0171k\u00f6d\u0151 partnereknek, k\u00f6telesek teljes m\u00e9rt\u00e9kben fedezni a vonatkoz\u00f3 k\u00e1rokat, bele\u00e9rtve, de nem kiz\u00e1r\u00f3lagosan a s\u00e9r\u00fclt \u00e1ruk jav\u00edt\u00e1si vagy cserek\u00f6lts\u00e9g\u00e9nek fedez\u00e9s\u00e9t, a k\u00e9pi k\u00e1r fedez\u00e9s\u00e9t, illetve a v\u00e9tkes felek polg\u00e1ri \u00e9s\/vagy b\u00fcntet\u0151jogi felel\u0151ss\u00e9g\u00e9t, a vonatkoz\u00f3 jogi rendelkez\u00e9sekkel \u00f6sszhangban.<br \/>A fenti rendelkez\u00e9st\u0151l elt\u00e9r\u0151en, a jelen szab\u00e1lyzat b\u00e1rmely rendelkez\u00e9s\u00e9nek be nem tart\u00e1sa eset\u00e9n a Tulajdonos fenntartja a jogot, hogy az \u00e9rintett l\u00e1togat\u00f3kat a kij\u00e1rathoz k\u00eds\u00e9rje, \u00e9s az \u00e1rtalmas, fenyeget\u0151 vagy nem megfelel\u0151 anyagot \u00e9s\/vagy t\u00e1rgyat a jogs\u00e9rt\u0151 k\u00f6lts\u00e9g\u00e9re azonnal elt\u00e1vol\u00edtsa. A Tulajdonos a jelen Szab\u00e1lyzattal, a Tulajdonos utas\u00edt\u00e1saival \u00e9s a vonatkoz\u00f3 jogszab\u00e1lyi rendelkez\u00e9sekkel ellent\u00e9tes cselekm\u00e9nyek \u00e9s\/vagy mulaszt\u00e1sok eset\u00e9n is \u00e9rtes\u00edti az illet\u00e9kes hat\u00f3s\u00e1gokat.<br \/>A Tulajdonos \u00e1ltal kijel\u00f6lt biztons\u00e1gi szem\u00e9lyzet indokolt esetben \u00e9s a vonatkoz\u00f3 jogszab\u00e1lyi rendelkez\u00e9seknek megfelel\u0151en b\u00e1rmikor jogosult a korl\u00e1tozott bel\u00e9p\u00e9ssel rendelkez\u0151 szolg\u00e1ltat\u00e1si ter\u00fcleteket haszn\u00e1l\u00f3 valamennyi l\u00e1togat\u00f3 ellen\u0151rz\u00e9s\u00e9re, az adott ter\u00fcletre behozott vagy onnan kivitt \u00e1ruk ellen\u0151rz\u00e9s\u00e9re, valamint a testellen\u0151rz\u00e9sre.<\/p>\n<p><strong>Z\u00e1r\u00f3 rendelkez\u00e9sek<\/strong><\/p>\n<p>A bev\u00e1s\u00e1rl\u00f3k\u00f6zpontr\u00f3l \u00e9s annak helyis\u00e9geir\u0151l a bev\u00e1s\u00e1rl\u00f3k\u00f6zpont honlapj\u00e1n (www.plazam.ro) vagy a bev\u00e1s\u00e1rl\u00f3k\u00f6zpontban tal\u00e1lhat\u00f3 inform\u00e1ci\u00f3s pultokn\u00e1l lehet t\u00e1j\u00e9koz\u00f3dni.<\/p>\n<p>K\u00f6sz\u00f6nj\u00fck, hogy megl\u00e1togatta a PlazaM-et, \u00e9s v\u00e1rjuk, hogy hamarosan tal\u00e1lkozzunk!<\/p>\n<p>[\/et_pb_toggle][et_pb_toggle title=\"PARKING PLAZA M\" open_toggle_text_colour=\"#000000\u2033 open_toggle_background_colour=\"rgba(0,0,0,0,0,0,0)\" closed_toggle_background_colour=\"rgba(0,0,0,0,0,0,0)\" icon_colour=\"#082051\u2033 use_icon_font_size=\"on\" icon_font_size=\"50px\" open_icon_colour=\"#082051\u2033 open_use_icon_font_size=\"on\" open_icon_font_size=\"50px\" _builder_version=\"4.27.4\u2033 title_text_colour=\"#000000\u2033 title_font=\"|700|||||||\" title_text_align=\"left\" title_font_size=\"18px\" text_orientation=\"justified\" custom_padding=\"|50px||||false|false\" custom_padding_tablet=\"|20px||||false|false\" custom_padding_phone=\"\" custom_padding_last_edited=\"on|desktop\" title_text_align_tablet=\"left\" title_text_align_phone=\"left\" title_text_align_last_edited=\"on|phone\" title_font_size_tablet=\"16px\" title_font_size_phone=\"\" title_font_size_last_edited=\"on|phone\" border_width_all=\"0px\" border_colour_all=\"#044d7f\" border_style_all=\"groove\" border_width_bottom=\"1px\" border_colour_bottom=\"rgba(51,55,58,0.1)\" global_colours_info=\"{}\"]<\/p>\n<p>A Marosv\u00e1s\u00e1rhelyi Plaza M 1500 parkol\u00f3hellyel rendelkezik.<\/p>\n<p><em><strong>A Plaza M parkol\u00f3j\u00e1ba val\u00f3 bel\u00e9p\u00e9s a jelen szab\u00e1lyzat elfogad\u00e1s\u00e1hoz k\u00f6t\u00f6tt.<\/strong><\/em><\/p>\n<ul>\n<li>A parkol\u00f3 mag\u00e1nter\u00fclet, amelyen a hat\u00e1lyos k\u00f6z\u00fati k\u00f6zleked\u00e9si jogszab\u00e1lyok alkalmazand\u00f3k.<\/li>\n<li>A parkol\u00e1s 08:00-21:00 \u00f3ra k\u00f6z\u00f6tt enged\u00e9lyezett. A fenti \u00f3rarend al\u00f3l kiv\u00e9telt kiz\u00e1r\u00f3lag a Cinema City \u00e9s a Jack Casino \u00fcgyfeleinek g\u00e9pj\u00e1rm\u0171vei k\u00e9peznek, amelyek 06:00 \u00f3r\u00e1ig tart\u00f3zkodhatnak a parkol\u00f3ban;<\/li>\n<li>A parkol\u00f3ban a megfelel\u0151 k\u00f6zleked\u00e9s biztos\u00edt\u00e1sa \u00e9rdek\u00e9ben k\u00e9rj\u00fck, tarts\u00e1k be a jelz\u0151t\u00e1bl\u00e1kat, k\u00f6z\u00fati jelz\u00e9seket;<\/li>\n<li>A maxim\u00e1lis k\u00f6zleked\u00e9si sebess\u00e9g 5 km\/\u00f3ra;<\/li>\n<li>A parkol\u00e1s d\u00edjmentes, a javasolt maxim\u00e1lis \u00e1ll\u00e1sid\u0151 4 \u00f3ra<br \/>Tilos a mozg\u00e1skorl\u00e1tozott szem\u00e9lyek sz\u00e1m\u00e1ra kijel\u00f6lt \u00e9s fenntartott helyekre parkolni;<\/li>\n<li>A g\u00e9pj\u00e1rm\u0171vezet\u0151nek a parkol\u00e1sra kijel\u00f6lt helyre kell beparkolnia, be kell tartania minden parkol\u00e1si jelz\u00e9st;<br \/>Az el\u0151\u00edr\u00e1s be nem tart\u00e1sa feljogos\u00edtja a PlazaM adminisztr\u00e1ci\u00f3j\u00e1t, hogy a j\u00e1rm\u0171vet a parkol\u00f3ban blokkolja, \u00e9s a j\u00e1rm\u0171vezet\u0151nek 100 LEI felold\u00e1si d\u00edjat kell fizetnie;<\/li>\n<li>A parkol\u00f3 videofel\u00fcgyelet alatt \u00e1ll. A videokamer\u00e1k csak az \u00e1raml\u00e1s fel\u00fcgyelet\u00e9t szolg\u00e1lj\u00e1k, a videofelv\u00e9telek nem nyilv\u00e1nosak;<\/li>\n<li>A PlazaM Igazgat\u00f3s\u00e1g nem v\u00e1llal felel\u0151ss\u00e9get a benne hagyott aut\u00f3k \u00e9s \u00e1ruk \u00e9ps\u00e9g\u00e9\u00e9rt. B\u00e1rmilyen probl\u00e9ma bejelent\u00e9s\u00e9hez k\u00e9rj\u00fck, forduljon a PlazaM Igazgat\u00e1si Irod\u00e1hoz.<\/li>\n<li>Tilos a j\u00e1rm\u0171vekben fel\u00fcgyelet n\u00e9lk\u00fcl hagyni \u00e1llatokat, gy\u00fal\u00e9kony anyagokat vagy vesz\u00e9lyes t\u00e1rgyakat;<\/li>\n<li>A parkol\u00f3ban tilos az aut\u00f3k jav\u00edt\u00e1sa vagy b\u00e1rmilyen karbantart\u00e1si tev\u00e9kenys\u00e9g (olaj- \u00e9s fagy\u00e1ll\u00f3 folyad\u00e9kcsere vagy \u00fczemanyag-ut\u00e1nt\u00f6lt\u00e9s);<\/li>\n<li>A parkol\u00f3ba tilos g\u00e9pkocsit behozni a vezet\u00e9si \u00f3r\u00e1k idej\u00e9re;<\/li>\n<li>A t\u00falm\u00e9retes j\u00e1rm\u0171vek (traktorok, teheraut\u00f3k vagy m\u00e1s neh\u00e9z teherg\u00e9pj\u00e1rm\u0171vek), valamint a p\u00f3tkocsis vagy l\u00e1that\u00f3an s\u00e9r\u00fclt j\u00e1rm\u0171vek sz\u00e1m\u00e1ra tilos a behajt\u00e1s;<\/li>\n<li>Tilos az elad\u00f3 hirdet\u00e9st tartalmaz\u00f3 j\u00e1rm\u0171vek parkol\u00e1sa.<\/li>\n<\/ul>\n<p>[\/ \/et_pb_toggle][et_pb_toggle title=\"Hogyan tal\u00e1lhat meg minket\" open_toggle_text_colour=\"#000000\u2033 open_toggle_background_colour=\"rgba(0,0,0,0,0,0,0,0,0)\" closed_toggle_background_colour=\"rgba(0,0,0,0,0,0,0)\" icon_colour=\"#082051\u2033 use_icon_font_size=\"on\" icon_font_size=\"50px\" open_icon_colour=\"#082051\u2033 open_use_icon_font_size=\"on\" open_icon_font_size=\"50px\" _builder_version=\"4.23.1\u2033 title_text_colour=\"#000000\u2033 title_font=\"|700|||||||\" title_text_align=\"left\" title_font_size=\"18px\" text_orientation=\"justified\" custom_padding=\"|50px||||false|false\" custom_padding_tablet=\"|20px||||false|false\" custom_padding_phone=\"\" custom_padding_last_edited=\"on|desktop\" title_text_align_tablet=\"left\" title_text_align_phone=\"left\" title_text_align_last_edited=\"on|phone\" title_font_size_tablet=\"16px\" title_font_size_phone=\"\" title_font_size_last_edited=\"on|phone\" border_width_all=\"0px\" border_colour_all=\"#044d7f\" border_style_all=\"groove\" border_width_bottom=\"1px\" border_colour_bottom=\"rgba(51,55,58,0.1)\" global_colours_info=\"{}\"]<\/p>\n<p>A PlazaM egyed\u00fcl\u00e1ll\u00f3 elhelyezked\u00e9s\u00e9b\u0151l ad\u00f3d\u00f3an k\u00f6zel van a rep\u00fcl\u0151t\u00e9rhez, a vas\u00fat\u00e1llom\u00e1shoz \u00e9s a buszp\u00e1lyaudvarhoz, \u00edgy k\u00f6nnyen megk\u00f6zel\u00edthet\u0151 minden szomsz\u00e9dos v\u00e1ros \u00e9s falu, valamint a m\u00e1s v\u00e1rosokb\u00f3l \u00e9rkez\u0151 l\u00e1togat\u00f3k sz\u00e1m\u00e1ra is.<\/p>\n<p>A v\u00e1rosk\u00f6zpontt\u00f3l csup\u00e1n 8 percre tal\u00e1lhat\u00f3 Plaza M ter\u00fclet\u00e9re val\u00f3 bel\u00e9p\u00e9s rendk\u00edv\u00fcl egyszer\u0171 ak\u00e1r g\u00e9pj\u00e1rm\u0171vel, ak\u00e1r t\u00f6megk\u00f6zleked\u00e9ssel (a meg\u00e1ll\u00f3 k\u00f6zvetlen\u00fcl a Bev\u00e1s\u00e1rl\u00f3k\u00f6zpont el\u0151tt tal\u00e1lhat\u00f3).<\/p>\n<p><strong>Plaza M-hez \u00e9rkez\u0151 aut\u00f3buszok:<\/strong><\/p>\n<p>2, 4, 14, 16, 17, 18, 44<\/p>\n<p>[\/et_pb_toggle][\/et_pb_column][\/et_pb_row][\/et_pb_section][\/et_pb_section]<\/p>","protected":false},"excerpt":{"rendered":"<p>A PlazaM v\u00e1s\u00e1rl\u00e1sra, sz\u00f3rakoz\u00e1sra \u00e9s kikapcsol\u00f3d\u00e1sra h\u00edvja \u00d6nt!A PlazaM a helyiek sz\u00e1m\u00e1ra ismer\u0151s, ugyanakkor dinamikus t\u00e9rr\u00e9 v\u00e1lt. Ez az a hely, ahov\u00e1 a v\u00e1s\u00e1rl\u00f3k a leg\u00fajabb \u00fajdons\u00e1gok\u00e9rt, de az\u00e9rt is j\u00f6nnek, hogy pihenjenek \u00e9s sz\u00f3rakozzanak. Ez az a hely, ahol kihaszn\u00e1lhatj\u00e1k az \u00fczletek aj\u00e1nlatait vagy a szervezett [...]<\/p>","protected":false},"author":1,"featured_media":0,"parent":0,"menu_order":0,"comment_status":"closed","ping_status":"closed","template":"","meta":{"_et_pb_use_builder":"on","_et_pb_old_content":"<!-- wp:divi\/placeholder \/-->","_et_gb_content_width":"","footnotes":""},"class_list":["post-18","page","type-page","status-publish","hentry"],"_links":{"self":[{"href":"https:\/\/plazam.ro\/hu\/wp-json\/wp\/v2\/pages\/18","targetHints":{"allow":["GET"]}}],"collection":[{"href":"https:\/\/plazam.ro\/hu\/wp-json\/wp\/v2\/pages"}],"about":[{"href":"https:\/\/plazam.ro\/hu\/wp-json\/wp\/v2\/types\/page"}],"author":[{"embeddable":true,"href":"https:\/\/plazam.ro\/hu\/wp-json\/wp\/v2\/users\/1"}],"replies":[{"embeddable":true,"href":"https:\/\/plazam.ro\/hu\/wp-json\/wp\/v2\/comments?post=18"}],"version-history":[{"count":15,"href":"https:\/\/plazam.ro\/hu\/wp-json\/wp\/v2\/pages\/18\/revisions"}],"predecessor-version":[{"id":10416,"href":"https:\/\/plazam.ro\/hu\/wp-json\/wp\/v2\/pages\/18\/revisions\/10416"}],"wp:attachment":[{"href":"https:\/\/plazam.ro\/hu\/wp-json\/wp\/v2\/media?parent=18"}],"curies":[{"name":"wp","href":"https:\/\/api.w.org\/{rel}","templated":true}]}}